{"id":142,"date":"2016-11-24T16:34:55","date_gmt":"2016-11-24T16:34:55","guid":{"rendered":"http:\/\/www.segurosgoiena.com\/es\/?page_id=142"},"modified":"2017-01-12T11:27:07","modified_gmt":"2017-01-12T11:27:07","slug":"seguro-transporte-de-mercancias","status":"publish","type":"page","link":"http:\/\/www.segurosgoiena.com\/es\/empresas\/seguros-goiena\/pymes\/seguro-transporte-de-mercancias\/","title":{"rendered":"SEGURO TRANSPORTE DE MERCANC\u00cdAS"},"content":{"rendered":"<p>En un mundo en el que estar en el sitio y momento adecuado es tan importante, estamos seguros de que la log\u00edstica es una parte important\u00edsima de su negocio. La soluci\u00f3n a medida para que ning\u00fan imprevisto por tierra, mar o aire desbarate sus previsiones ni merme el \u00e9xito de su empresa.<\/p>\n<p>El traslado seguro de su mercanc\u00eda es fundamental para su negocio. Y los riesgos a los que se enfrentan sus bienes durante su transporte son numerosos y potencialmente peligrosos, ya viajen por tierra, por mar o por aire.<\/p>\n<p>Es importante para una empresa tener protegida la mercanc\u00eda desde que se hace cargo de ella y se carga en el medio de transporte, hasta el momento de su entrega al destinatario final. El transporte de mercanc\u00edas es una actividad compleja que requiere garantizar al m\u00e1ximo el valor de la carga.<\/p>\n","protected":false},"excerpt":{"rendered":"<p>En un mundo en el que estar en el sitio y momento adecuado es tan importante, estamos seguros de que la log\u00edstica es una parte important\u00edsima de su negocio. La soluci\u00f3n a medida para que ning\u00fan imprevisto por tierra, mar o aire desbarate sus previsiones ni merme el \u00e9xito de su empresa. El traslado seguro [&hellip;]<\/p>\n","protected":false},"author":1,"featured_media":262,"parent":58,"menu_order":40,"comment_status":"closed","ping_status":"closed","template":"page-templates\/template-producto.php","meta":{"_acf_changed":false,"footnotes":""},"class_list":["post-142","page","type-page","status-publish","has-post-thumbnail","hentry"],"acf":[],"yoast_head":"<!-- This site is optimized with the Yoast SEO plugin v22.5 - https:\/\/yoast.com\/wordpress\/plugins\/seo\/ -->\n<title>Goiena Seguros | PYMES- Transporte de mercanc\u00edas<\/title>\n<meta name=\"description\" content=\"El Seguro de transporte de mercanc\u00edas indemniza los da\u00f1os que puedan sufrir con ocasi\u00f3n o consecuencia del transporte las mercanc\u00edas porteadas.\" \/>\n<meta name=\"robots\" content=\"index, follow, max-snippet:-1, max-image-preview:large, max-video-preview:-1\" \/>\n<link rel=\"canonical\" href=\"http:\/\/www.segurosgoiena.com\/es\/empresas\/seguros-goiena\/pymes\/seguro-transporte-de-mercancias\/\" \/>\n<meta property=\"og:locale\" content=\"es_ES\" \/>\n<meta property=\"og:type\" content=\"article\" \/>\n<meta property=\"og:title\" content=\"Goiena Seguros | PYMES- Transporte de mercanc\u00edas\" \/>\n<meta property=\"og:description\" content=\"El Seguro de transporte de mercanc\u00edas indemniza los da\u00f1os que puedan sufrir con ocasi\u00f3n o consecuencia del transporte las mercanc\u00edas porteadas.\" \/>\n<meta property=\"og:url\" content=\"http:\/\/www.segurosgoiena.com\/es\/empresas\/seguros-goiena\/pymes\/seguro-transporte-de-mercancias\/\" \/>\n<meta property=\"og:site_name\" content=\"Seguros Goiena\" \/>\n<meta property=\"article:modified_time\" content=\"2017-01-12T11:27:07+00:00\" \/>\n<meta property=\"og:image\" content=\"http:\/\/www.segurosgoiena.com\/wp-content\/uploads\/2016\/11\/seguro-transporte-de-mercancias.jpg\" \/>\n\t<meta property=\"og:image:width\" content=\"523\" \/>\n\t<meta property=\"og:image:height\" content=\"425\" \/>\n\t<meta property=\"og:image:type\" content=\"image\/jpeg\" \/>\n<meta name=\"twitter:card\" content=\"summary_large_image\" \/>\n<meta name=\"twitter:label1\" content=\"Tiempo de lectura\" \/>\n\t<meta name=\"twitter:data1\" content=\"1 minuto\" \/>\n<script type=\"application\/ld+json\" class=\"yoast-schema-graph\">{\"@context\":\"https:\/\/schema.org\",\"@graph\":[{\"@type\":\"WebPage\",\"@id\":\"http:\/\/www.segurosgoiena.com\/es\/empresas\/seguros-goiena\/pymes\/seguro-transporte-de-mercancias\/\",\"url\":\"http:\/\/www.segurosgoiena.com\/es\/empresas\/seguros-goiena\/pymes\/seguro-transporte-de-mercancias\/\",\"name\":\"Goiena Seguros | PYMES- Transporte de mercanc\u00edas\",\"isPartOf\":{\"@id\":\"http:\/\/www.segurosgoiena.com\/es\/#website\"},\"primaryImageOfPage\":{\"@id\":\"http:\/\/www.segurosgoiena.com\/es\/empresas\/seguros-goiena\/pymes\/seguro-transporte-de-mercancias\/#primaryimage\"},\"image\":{\"@id\":\"http:\/\/www.segurosgoiena.com\/es\/empresas\/seguros-goiena\/pymes\/seguro-transporte-de-mercancias\/#primaryimage\"},\"thumbnailUrl\":\"http:\/\/www.segurosgoiena.com\/wp-content\/uploads\/2016\/11\/seguro-transporte-de-mercancias.jpg\",\"datePublished\":\"2016-11-24T16:34:55+00:00\",\"dateModified\":\"2017-01-12T11:27:07+00:00\",\"description\":\"El Seguro de transporte de mercanc\u00edas indemniza los da\u00f1os que puedan sufrir con ocasi\u00f3n o consecuencia del transporte las mercanc\u00edas porteadas.\",\"breadcrumb\":{\"@id\":\"http:\/\/www.segurosgoiena.com\/es\/empresas\/seguros-goiena\/pymes\/seguro-transporte-de-mercancias\/#breadcrumb\"},\"inLanguage\":\"es\",\"potentialAction\":[{\"@type\":\"ReadAction\",\"target\":[\"http:\/\/www.segurosgoiena.com\/es\/empresas\/seguros-goiena\/pymes\/seguro-transporte-de-mercancias\/\"]}]},{\"@type\":\"ImageObject\",\"inLanguage\":\"es\",\"@id\":\"http:\/\/www.segurosgoiena.com\/es\/empresas\/seguros-goiena\/pymes\/seguro-transporte-de-mercancias\/#primaryimage\",\"url\":\"http:\/\/www.segurosgoiena.com\/wp-content\/uploads\/2016\/11\/seguro-transporte-de-mercancias.jpg\",\"contentUrl\":\"http:\/\/www.segurosgoiena.com\/wp-content\/uploads\/2016\/11\/seguro-transporte-de-mercancias.jpg\",\"width\":523,\"height\":425},{\"@type\":\"BreadcrumbList\",\"@id\":\"http:\/\/www.segurosgoiena.com\/es\/empresas\/seguros-goiena\/pymes\/seguro-transporte-de-mercancias\/#breadcrumb\",\"itemListElement\":[{\"@type\":\"ListItem\",\"position\":1,\"name\":\"Portada\",\"item\":\"http:\/\/www.segurosgoiena.com\/es\/\"},{\"@type\":\"ListItem\",\"position\":2,\"name\":\"EMPRESAS\",\"item\":\"http:\/\/www.segurosgoiena.com\/es\/empresas\/\"},{\"@type\":\"ListItem\",\"position\":3,\"name\":\"SEGUROS GOIENA\",\"item\":\"http:\/\/www.segurosgoiena.com\/es\/empresas\/seguros-goiena\/\"},{\"@type\":\"ListItem\",\"position\":4,\"name\":\"PYMES\",\"item\":\"http:\/\/www.segurosgoiena.com\/es\/empresas\/seguros-goiena\/pymes\/\"},{\"@type\":\"ListItem\",\"position\":5,\"name\":\"SEGURO TRANSPORTE DE MERCANC\u00cdAS\"}]},{\"@type\":\"WebSite\",\"@id\":\"http:\/\/www.segurosgoiena.com\/es\/#website\",\"url\":\"http:\/\/www.segurosgoiena.com\/es\/\",\"name\":\"Seguros Goiena\",\"description\":\"Seguros para empresas y particulares\",\"potentialAction\":[{\"@type\":\"SearchAction\",\"target\":{\"@type\":\"EntryPoint\",\"urlTemplate\":\"http:\/\/www.segurosgoiena.com\/es\/?s={search_term_string}\"},\"query-input\":\"required name=search_term_string\"}],\"inLanguage\":\"es\"}]}<\/script>\n<!-- \/ Yoast SEO plugin. -->","yoast_head_json":{"title":"Goiena Seguros | PYMES- Transporte de mercanc\u00edas","description":"El Seguro de transporte de mercanc\u00edas indemniza los da\u00f1os que puedan sufrir con ocasi\u00f3n o consecuencia del transporte las mercanc\u00edas porteadas.","robots":{"index":"index","follow":"follow","max-snippet":"max-snippet:-1","max-image-preview":"max-image-preview:large","max-video-preview":"max-video-preview:-1"},"canonical":"http:\/\/www.segurosgoiena.com\/es\/empresas\/seguros-goiena\/pymes\/seguro-transporte-de-mercancias\/","og_locale":"es_ES","og_type":"article","og_title":"Goiena Seguros | PYMES- Transporte de mercanc\u00edas","og_description":"El Seguro de transporte de mercanc\u00edas indemniza los da\u00f1os que puedan sufrir con ocasi\u00f3n o consecuencia del transporte las mercanc\u00edas porteadas.","og_url":"http:\/\/www.segurosgoiena.com\/es\/empresas\/seguros-goiena\/pymes\/seguro-transporte-de-mercancias\/","og_site_name":"Seguros Goiena","article_modified_time":"2017-01-12T11:27:07+00:00","og_image":[{"width":523,"height":425,"url":"http:\/\/www.segurosgoiena.com\/wp-content\/uploads\/2016\/11\/seguro-transporte-de-mercancias.jpg","type":"image\/jpeg"}],"twitter_card":"summary_large_image","twitter_misc":{"Tiempo de lectura":"1 minuto"},"schema":{"@context":"https:\/\/schema.org","@graph":[{"@type":"WebPage","@id":"http:\/\/www.segurosgoiena.com\/es\/empresas\/seguros-goiena\/pymes\/seguro-transporte-de-mercancias\/","url":"http:\/\/www.segurosgoiena.com\/es\/empresas\/seguros-goiena\/pymes\/seguro-transporte-de-mercancias\/","name":"Goiena Seguros | PYMES- Transporte de mercanc\u00edas","isPartOf":{"@id":"http:\/\/www.segurosgoiena.com\/es\/#website"},"primaryImageOfPage":{"@id":"http:\/\/www.segurosgoiena.com\/es\/empresas\/seguros-goiena\/pymes\/seguro-transporte-de-mercancias\/#primaryimage"},"image":{"@id":"http:\/\/www.segurosgoiena.com\/es\/empresas\/seguros-goiena\/pymes\/seguro-transporte-de-mercancias\/#primaryimage"},"thumbnailUrl":"http:\/\/www.segurosgoiena.com\/wp-content\/uploads\/2016\/11\/seguro-transporte-de-mercancias.jpg","datePublished":"2016-11-24T16:34:55+00:00","dateModified":"2017-01-12T11:27:07+00:00","description":"El Seguro de transporte de mercanc\u00edas indemniza los da\u00f1os que puedan sufrir con ocasi\u00f3n o consecuencia del transporte las mercanc\u00edas porteadas.","breadcrumb":{"@id":"http:\/\/www.segurosgoiena.com\/es\/empresas\/seguros-goiena\/pymes\/seguro-transporte-de-mercancias\/#breadcrumb"},"inLanguage":"es","potentialAction":[{"@type":"ReadAction","target":["http:\/\/www.segurosgoiena.com\/es\/empresas\/seguros-goiena\/pymes\/seguro-transporte-de-mercancias\/"]}]},{"@type":"ImageObject","inLanguage":"es","@id":"http:\/\/www.segurosgoiena.com\/es\/empresas\/seguros-goiena\/pymes\/seguro-transporte-de-mercancias\/#primaryimage","url":"http:\/\/www.segurosgoiena.com\/wp-content\/uploads\/2016\/11\/seguro-transporte-de-mercancias.jpg","contentUrl":"http:\/\/www.segurosgoiena.com\/wp-content\/uploads\/2016\/11\/seguro-transporte-de-mercancias.jpg","width":523,"height":425},{"@type":"BreadcrumbList","@id":"http:\/\/www.segurosgoiena.com\/es\/empresas\/seguros-goiena\/pymes\/seguro-transporte-de-mercancias\/#breadcrumb","itemListElement":[{"@type":"ListItem","position":1,"name":"Portada","item":"http:\/\/www.segurosgoiena.com\/es\/"},{"@type":"ListItem","position":2,"name":"EMPRESAS","item":"http:\/\/www.segurosgoiena.com\/es\/empresas\/"},{"@type":"ListItem","position":3,"name":"SEGUROS GOIENA","item":"http:\/\/www.segurosgoiena.com\/es\/empresas\/seguros-goiena\/"},{"@type":"ListItem","position":4,"name":"PYMES","item":"http:\/\/www.segurosgoiena.com\/es\/empresas\/seguros-goiena\/pymes\/"},{"@type":"ListItem","position":5,"name":"SEGURO TRANSPORTE DE MERCANC\u00cdAS"}]},{"@type":"WebSite","@id":"http:\/\/www.segurosgoiena.com\/es\/#website","url":"http:\/\/www.segurosgoiena.com\/es\/","name":"Seguros Goiena","description":"Seguros para empresas y particulares","potentialAction":[{"@type":"SearchAction","target":{"@type":"EntryPoint","urlTemplate":"http:\/\/www.segurosgoiena.com\/es\/?s={search_term_string}"},"query-input":"required name=search_term_string"}],"inLanguage":"es"}]}},"_links":{"self":[{"href":"http:\/\/www.segurosgoiena.com\/es\/wp-json\/wp\/v2\/pages\/142","targetHints":{"allow":["GET"]}}],"collection":[{"href":"http:\/\/www.segurosgoiena.com\/es\/wp-json\/wp\/v2\/pages"}],"about":[{"href":"http:\/\/www.segurosgoiena.com\/es\/wp-json\/wp\/v2\/types\/page"}],"author":[{"embeddable":true,"href":"http:\/\/www.segurosgoiena.com\/es\/wp-json\/wp\/v2\/users\/1"}],"replies":[{"embeddable":true,"href":"http:\/\/www.segurosgoiena.com\/es\/wp-json\/wp\/v2\/comments?post=142"}],"version-history":[{"count":4,"href":"http:\/\/www.segurosgoiena.com\/es\/wp-json\/wp\/v2\/pages\/142\/revisions"}],"predecessor-version":[{"id":272,"href":"http:\/\/www.segurosgoiena.com\/es\/wp-json\/wp\/v2\/pages\/142\/revisions\/272"}],"up":[{"embeddable":true,"href":"http:\/\/www.segurosgoiena.com\/es\/wp-json\/wp\/v2\/pages\/58"}],"wp:featuredmedia":[{"embeddable":true,"href":"http:\/\/www.segurosgoiena.com\/es\/wp-json\/wp\/v2\/media\/262"}],"wp:attachment":[{"href":"http:\/\/www.segurosgoiena.com\/es\/wp-json\/wp\/v2\/media?parent=142"}],"curies":[{"name":"wp","href":"https:\/\/api.w.org\/{rel}","templated":true}]}}